{"id":157,"date":"2023-09-27T23:41:48","date_gmt":"2023-09-27T21:41:48","guid":{"rendered":"https:\/\/ishvara-conscience.com\/?page_id=157"},"modified":"2026-08-25T13:44:49","modified_gmt":"2026-08-25T11:44:49","slug":"connais-toi-toi-meme","status":"publish","type":"page","link":"https:\/\/ishvara-conscience.com\/index.php\/ateliers-formations\/connais-toi-toi-meme\/","title":{"rendered":"Ateliers de connaissance de soi"},"content":{"rendered":"\n<h3 class=\"wp-block-heading\" style=\"font-size:32px\">Dix ateliers psychosophiques : Connais-toi toi-m\u00eame ! <\/h3>\n\n\n\n<div style=\"height:40px\" aria-hidden=\"true\" class=\"wp-block-spacer\"><\/div>\n\n\n\n<p class=\"wp-block-paragraph\" style=\"font-size:18px\">Aujourd\u2019hui, nous ressentons de plus en plus le besoin ambiant de parler, agir, interagir et rayonner \u00e0 partir de ce que nous sommes fondamentalement pour amener du nouveau, du changement, plus de reconnaissance et de justes relations dans le monde.<\/p>\n\n\n\n<p class=\"wp-block-paragraph\" style=\"font-size:18px\">Ces dix ateliers nous invitent \u00e0 apprendre \u00e0 nous conna\u00eetre, ce qui est un pr\u00e9requis pour tout \u00eatre humain qui cherche \u00e0 s\u2019engager consciemment sur les chemins de l\u2019\u00e9volution afin de concourir \u00e0 plus d\u2019Unit\u00e9 sur Terre.<\/p>\n\n\n\n<p class=\"wp-block-paragraph\" style=\"font-size:18px\">Identifier clairement d\u2019o\u00f9 nous partons, o\u00f9 nous en sommes et la direction claire et inspir\u00e9e que nous voulons donner \u00e0 notre vie.<\/p>\n\n\n\n<p class=\"wp-block-paragraph\" style=\"font-size:18px\">Ces 10 enseignements\/m\u00e9ditations\/r\u00e9flexions de groupe nous apprennent \u00e0 nous comprendre du point de vue du monde des \u00e9nergies, \u00e0 nous resituer nous-m\u00eame et les \u00e9v\u00e9nements de notre temps dans un contexte plus global.<\/p>\n\n\n\n<p class=\"wp-block-paragraph\" style=\"font-size:18px\">Ils nous donnent une vision plus claire sur le r\u00f4le et le fonctionnement de l\u2019\u00eatre humain&nbsp;: de ses corps physique\/\u00e9th\u00e9rique, \u00e9motionnel et mental, sa personnalit\u00e9 et l\u2019\u00e2me. Par cons\u00e9quent, nous comprenons de plus en plus les diff\u00e9rentes instances qui nous composent et qui s\u2019expriment \u00e0 travers nous au quotidien.<\/p>\n\n\n\n<div style=\"height:20px\" aria-hidden=\"true\" class=\"wp-block-spacer\"><\/div>\n\n\n\n<hr class=\"wp-block-separator has-text-color has-alpha-channel-opacity has-background is-style-wide\" style=\"background-color:#deba4d;color:#deba4d\"\/>\n\n\n\n<div style=\"height:20px\" aria-hidden=\"true\" class=\"wp-block-spacer\"><\/div>\n\n\n\n<p class=\"wp-block-paragraph\" style=\"font-size:18px\">Nos ateliers s\u2019inscrivent dans un mouvement qui tend \u00e0&nbsp;:<\/p>\n\n\n\n<ul style=\"font-size:18px\" class=\"wp-block-list\">\n<li>\u00e9couter ce que notre nature profonde nous r\u00e9v\u00e8le afin d\u2019exister de plus en plus au diapason de l\u2019essentiel<\/li>\n<\/ul>\n\n\n\n<ul style=\"font-size:18px\" class=\"wp-block-list\">\n<li>orienter nos pens\u00e9es, paroles et actions vers un avenir souhaitable pour l\u2019ensemble<\/li>\n\n\n\n<li>initier une spiritualit\u00e9 vivante, incarn\u00e9e et ancr\u00e9e au c\u0153ur de notre quotidien<\/li>\n\n\n\n<li>nous soutenir mutuellement dans ce passage difficile d\u2019un individualisme bien marqu\u00e9 vers une inclusivit\u00e9 de plus en plus grande de la globalit\u00e9.<\/li>\n<\/ul>\n\n\n\n<p class=\"wp-block-paragraph\" style=\"font-size:18px\">Par cons\u00e9quent, une puissante transformation int\u00e9rieure s\u2019op\u00e8re progressivement dans tous les domaines de notre vie (personnel, relationnel, professionnel et spirituel).&nbsp;Et tout ce que nous \u00e9purons et transformons \u00e0 l\u2019int\u00e9rieur se refl\u00e8te \u00e0 l\u2019ext\u00e9rieur et impacte le monde.<\/p>\n\n\n\n<p class=\"wp-block-paragraph\" style=\"font-size:18px\">Ces ateliers sont fortement inspir\u00e9s de ceux anim\u00e9s par Patrice et Fr\u00e9d\u00e9rique Brasseur (psychosophie.com) et les enseignements sont tir\u00e9s des livres d\u2019Alice Bailey et du Tib\u00e9tain Djwal Khul. Notre approche se situe au carrefour de la psychologie, de la spiritualit\u00e9 et de la philosophie.<\/p>\n\n\n\n<div style=\"height:20px\" aria-hidden=\"true\" class=\"wp-block-spacer\"><\/div>\n\n\n\n<hr class=\"wp-block-separator has-text-color has-alpha-channel-opacity has-background is-style-wide\" style=\"background-color:#deba4d;color:#deba4d\"\/>\n\n\n\n<div style=\"height:20px\" aria-hidden=\"true\" class=\"wp-block-spacer\"><\/div>\n\n\n\n<p class=\"wp-block-paragraph\" style=\"font-size:18px\">Lors de ces ateliers, nous d\u00e9taillerons avec pr\u00e9cision&nbsp;:<\/p>\n\n\n\n<ul class=\"wp-block-list\">\n<li style=\"font-size:18px\">le fonctionnement de nos corps physique, \u00e9th\u00e9rique, \u00e9motionnel et mental, en les \u00e9tudiant en tant qu\u2019outils au service de l\u2019\u00e2me ;<\/li>\n<\/ul>\n\n\n\n<ul class=\"wp-block-list\">\n<li style=\"font-size:18px\">la constitution \u00e9nerg\u00e9tique de l\u2019\u00eatre humain&nbsp;;<\/li>\n<\/ul>\n\n\n\n<ul class=\"wp-block-list\">\n<li style=\"font-size:18px\">la courbe d\u2019involution et d\u2019\u00e9volution&nbsp;qui remet l\u2019\u00eatre humain dans son contexte \u00e9volutif&nbsp;;<\/li>\n<\/ul>\n\n\n\n<ul class=\"wp-block-list\">\n<li style=\"font-size:18px\">les diff\u00e9rents \u00e2ges de conscience, leurs implications psychologiques et leurs manifestations dans la vie de l\u2019\u00eatre humain (en fonction des cycles d\u2019Uranus, de Saturne et de Jupiter)&nbsp;;<\/li>\n<\/ul>\n\n\n\n<ul class=\"wp-block-list\">\n<li style=\"font-size:18px\">la blessure karmique et familiale&nbsp;fondamentale ;<\/li>\n<\/ul>\n\n\n\n<ul class=\"wp-block-list\">\n<li style=\"font-size:18px\">l\u2019art de vivre dans le respect et \u00e0 l\u2019\u00e9coute des cycles&nbsp;;<\/li>\n<\/ul>\n\n\n\n<ul class=\"wp-block-list\">\n<li style=\"font-size:18px\">le d\u00e9veloppement de notre sensibilit\u00e9 par la r\u00e9orientation de nos 5 sens&nbsp;;<\/li>\n\n\n\n<li style=\"font-size:18px\">l\u2019introduction aux 7 rayons d\u2019\u00e9nergie-conscience ou 7 qualit\u00e9s fondamentales de la Vie \u00e0 partir de leur influence sur nos diff\u00e9rents corps.<\/li>\n<\/ul>\n\n\n\n<div style=\"height:20px\" aria-hidden=\"true\" class=\"wp-block-spacer\"><\/div>\n\n\n\n<hr class=\"wp-block-separator has-text-color has-alpha-channel-opacity has-background is-style-wide\" style=\"background-color:#deba4d;color:#deba4d\"\/>\n\n\n\n<div style=\"height:20px\" aria-hidden=\"true\" class=\"wp-block-spacer\"><\/div>\n\n\n\n<h4 class=\"wp-block-heading\" style=\"font-size:21px\"><strong>Les outils utilis\u00e9s<\/strong><\/h4>\n\n\n\n<div style=\"height:10px\" aria-hidden=\"true\" class=\"wp-block-spacer\"><\/div>\n\n\n\n<p class=\"wp-block-paragraph\" style=\"font-size:18px\">La m\u00e9ditation et le travail de groupe\u00a0: recherches, v\u00e9cu int\u00e9rieur, r\u00e9flexions d\u2019ensemble et partages.<br><\/p>\n\n\n\n<p class=\"wp-block-paragraph\" style=\"font-size:18px\">L\u2019outil fondamental que nous utiliserons est la pratique de la m\u00e9ditation&nbsp;: l\u2019art royal qui permet de contacter l\u2019\u00e2me, d\u2019imprimer les vibrations provenant des plans sup\u00e9rieurs et de les relayer consciemment sur Terre.<\/p>\n\n\n\n<div style=\"height:20px\" aria-hidden=\"true\" class=\"wp-block-spacer\"><\/div>\n\n\n\n<hr class=\"wp-block-separator has-text-color has-alpha-channel-opacity has-background is-style-wide\" style=\"background-color:#deba4d;color:#deba4d\"\/>\n\n\n\n<div style=\"height:20px\" aria-hidden=\"true\" class=\"wp-block-spacer\"><\/div>\n\n\n\n<h4 class=\"wp-block-heading\" style=\"font-size:21px\">Le d\u00e9veloppement de la sensibilit\u00e9 \u00e0 l&rsquo;ensemble, du mental et de l&rsquo;ouverture du coeur<\/h4>\n\n\n\n<div style=\"height:10px\" aria-hidden=\"true\" class=\"wp-block-spacer\"><\/div>\n\n\n\n<p class=\"wp-block-paragraph\" style=\"font-size:18px\">Nous apprendrons \u00e0 d\u00e9velopper notre capacit\u00e9 de penser par nous-m\u00eames, en resituant syst\u00e9matiquement chaque chose ou chaque \u00e9v\u00e8nement au sein de sa globalit\u00e9.<\/p>\n\n\n\n<p class=\"wp-block-paragraph\" style=\"font-size:18px\">Gr\u00e2ce \u00e0 une sensibilit\u00e9 accrue, au discernement et \u00e0 une vision claire, nous laisserons davantage la place au ma\u00eetre en nous, l\u2019\u00e2me pr\u00e9sente \u00e0 chaque instant. Il ne s\u2019agit pas d\u2019ajouter des couches ou de perfectionner notre personnalit\u00e9 vers un \u00ab&nbsp;plus&nbsp;\u00bb ou un \u00ab&nbsp;mieux&nbsp;\u00bb, mais au contraire, de nous inviter au d\u00e9centrage et \u00e0 l\u2019accueil r\u00e9ceptif de ce qui cherche \u00e0 s\u2019incarner.<\/p>\n\n\n\n<div style=\"height:20px\" aria-hidden=\"true\" class=\"wp-block-spacer\"><\/div>\n\n\n\n<hr class=\"wp-block-separator has-text-color has-alpha-channel-opacity has-background is-style-wide\" style=\"background-color:#deba4d;color:#deba4d\"\/>\n\n\n\n<h4 class=\"wp-block-heading\" style=\"font-size:21px\"><\/h4>\n\n\n\n<div style=\"height:20px\" aria-hidden=\"true\" class=\"wp-block-spacer\"><\/div>\n\n\n\n<div class=\"wp-block-group has-background is-vertical is-content-justification-stretch is-layout-flex wp-container-core-group-is-layout-33ccc8b1 wp-block-group-is-layout-flex\" style=\"background-color:#fbfbfb\">\n<h4 class=\"wp-block-heading has-text-align-center has-text-color has-background\" style=\"color:#ffffff;background-color:#692c85;font-size:24px\">Informations g\u00e9n\u00e9rales<\/h4>\n\n\n\n<div class=\"wp-block-group has-background is-content-justification-center is-nowrap is-layout-flex wp-container-core-group-is-layout-d05cb3ef wp-block-group-is-layout-flex\" style=\"background-color:#f0f0f000;font-size:18px\">\n<div style=\"height:20px;width:0px\" aria-hidden=\"true\" class=\"wp-block-spacer wp-container-content-9760934e\"><\/div>\n\n\n\n<div class=\"wp-block-columns is-layout-flex wp-container-core-columns-is-layout-8f761849 wp-block-columns-is-layout-flex\">\n<div class=\"wp-block-column is-layout-flow wp-block-column-is-layout-flow\" style=\"flex-basis:100%\">\n<figure class=\"wp-block-table is-style-stripes\"><table><tbody><tr><td class=\"has-text-align-center\" data-align=\"center\"><strong>Dix ateliers <\/strong><br><strong>Un jeudi soir <\/strong><strong>par mois de 18h \u00e0 22h30<\/strong><\/td><\/tr><tr><td class=\"has-text-align-center\" data-align=\"center\">Jeudi 14 janvier 2027<\/td><\/tr><tr><td class=\"has-text-align-center\" data-align=\"center\">Jeudi 11 f\u00e9vrier 2027<\/td><\/tr><tr><td class=\"has-text-align-center\" data-align=\"center\">Jeudi 18 mars 2027<\/td><\/tr><tr><td class=\"has-text-align-center\" data-align=\"center\">Jeudi 22 avril 2027<\/td><\/tr><tr><td class=\"has-text-align-center\" data-align=\"center\">Jeudi 20 mai 2027<\/td><\/tr><tr><td class=\"has-text-align-center\" data-align=\"center\">Jeudi 17 juin 2027<\/td><\/tr><tr><td class=\"has-text-align-center\" data-align=\"center\">Jeudi 26 ao\u00fbt 2027<\/td><\/tr><tr><td class=\"has-text-align-center\" data-align=\"center\">Jeudi 23 septembre 2027<\/td><\/tr><tr><td class=\"has-text-align-center\" data-align=\"center\">Jeudi 21 octobre 2027<\/td><\/tr><tr><td class=\"has-text-align-center\" data-align=\"center\">Jeudi 18 novembre 2027<\/td><\/tr><\/tbody><\/table><\/figure>\n<\/div>\n<\/div>\n\n\n\n<div class=\"wp-block-columns is-layout-flex wp-container-core-columns-is-layout-8f761849 wp-block-columns-is-layout-flex\">\n<div class=\"wp-block-column is-layout-flow wp-block-column-is-layout-flow\" style=\"flex-basis:100%\"><\/div>\n<\/div>\n\n\n\n<div style=\"height:20px;width:0px\" aria-hidden=\"true\" class=\"wp-block-spacer wp-container-content-9760934e\"><\/div>\n\n\n\n<div style=\"height:20px;width:0px\" aria-hidden=\"true\" class=\"wp-block-spacer wp-container-content-9760934e\"><\/div>\n\n\n\n<h4 class=\"wp-block-heading\" style=\"font-size:21px\"><\/h4>\n\n\n\n<div class=\"wp-block-group is-vertical is-layout-flex wp-container-core-group-is-layout-4fc3f8e1 wp-block-group-is-layout-flex\">\n<p class=\"wp-block-paragraph\">Les 10 s\u00e9ances du jeudi forment un tout.<\/p>\n\n\n\n<p class=\"wp-block-paragraph\"><strong>Vous pouvez venir \u00e0 une premi\u00e8re s\u00e9ance et puis confirmer votre engagement pour le reste de l&rsquo;ann\u00e9e. <\/strong><\/p>\n\n\n\n<div style=\"height:0px\" aria-hidden=\"true\" class=\"wp-block-spacer wp-container-content-62aae154\"><\/div>\n\n\n\n<p class=\"wp-block-paragraph\"><strong>Prix : 30\u20ac par atelier<\/strong><\/p>\n\n\n\n<div style=\"height:0px\" aria-hidden=\"true\" class=\"wp-block-spacer wp-container-content-62aae154\"><\/div>\n\n\n\n<p class=\"wp-block-paragraph\"><\/p>\n\n\n\n<div style=\"height:0px\" aria-hidden=\"true\" class=\"wp-block-spacer wp-container-content-62aae154\"><\/div>\n<\/div>\n<\/div>\n\n\n\n<div style=\"height:0px\" aria-hidden=\"true\" class=\"wp-block-spacer wp-container-content-728072c3\"><\/div>\n\n\n\n<p class=\"has-text-align-center wp-block-paragraph\" style=\"font-size:18px\"><strong>A pr\u00e9voir\u00a0:<\/strong> il convient d\u2019apporter de quoi \u00e9crire et un repas du soir (froid, l\u00e9ger et facile).<\/p>\n\n\n\n<p class=\"has-background wp-block-paragraph\" style=\"background-color:#fbfbfb;font-size:18px\">Lieu : <strong>32, rue Petit Plain &#8211; 4920 Aywaille<\/strong><\/p>\n\n\n\n<div style=\"height:0px\" aria-hidden=\"true\" class=\"wp-block-spacer wp-container-content-463bd4c8\"><\/div>\n\n\n\n<iframe src=\"https:\/\/www.google.com\/maps\/embed?pb=!1m18!1m12!1m3!1d2539.821240272289!2d5.724139912336124!3d50.46305338633756!2m3!1f0!2f0!3f0!3m2!1i1024!2i768!4f13.1!3m3!1m2!1s0x47c05e0ce70cf227%3A0x4cbb46bafff8fe38!2sRue%20Petit%20Plain%2032%2C%204920%20Aywaille!5e0!3m2!1sfr!2sbe!4v1696370571229!5m2!1sfr!2sbe\" width=\"100%\" height=\"250\" style=\"border:0;\" allowfullscreen=\"\" loading=\"lazy\" referrerpolicy=\"no-referrer-when-downgrade\"><\/iframe>\n\n\n\n<div style=\"height:0px\" aria-hidden=\"true\" class=\"wp-block-spacer wp-container-content-62aae154\"><\/div>\n\n\n\n<p class=\"has-text-align-center wp-block-paragraph\" style=\"font-size:18px\">N\u2019h\u00e9sitez pas \u00e0 me contacter pour toute question :<\/p>\n\n\n\n<div style=\"height:0px\" aria-hidden=\"true\" class=\"wp-block-spacer wp-container-content-62aae154\"><\/div>\n\n\n\n<div class=\"wp-block-columns is-layout-flex wp-container-core-columns-is-layout-8f761849 wp-block-columns-is-layout-flex\">\n<div class=\"wp-block-column is-layout-flow wp-block-column-is-layout-flow\">\n<p class=\"has-text-align-center wp-block-paragraph\" style=\"font-size:21px\"><strong>yulara.delsemme@gmail.com<\/strong><\/p>\n<\/div>\n\n\n\n<div class=\"wp-block-column is-layout-flow wp-block-column-is-layout-flow\">\n<p class=\"has-text-align-center wp-block-paragraph\" style=\"font-size:21px\"><strong>0032.479.287.505<\/strong><\/p>\n<\/div>\n<\/div>\n\n\n\n<p class=\"has-background wp-block-paragraph\" style=\"background-color:#fbfbfb;font-size:18px\">Vos accompagnants: <\/p>\n\n\n\n<div class=\"wp-block-columns is-layout-flex wp-container-core-columns-is-layout-8f761849 wp-block-columns-is-layout-flex\">\n<div class=\"wp-block-column is-layout-flow wp-block-column-is-layout-flow\">\n<p class=\"has-text-align-center wp-block-paragraph\" style=\"font-size:21px\"><strong>Yulara<\/strong><\/p>\n<\/div>\n\n\n\n<div class=\"wp-block-column is-layout-flow wp-block-column-is-layout-flow\">\n<p class=\"has-text-align-center wp-block-paragraph\" style=\"font-size:21px\"><strong>Xavier <\/strong><\/p>\n<\/div>\n<\/div>\n<\/div>\n","protected":false},"excerpt":{"rendered":"<p>Dix ateliers psychosophiques : Connais-toi toi-m\u00eame ! Aujourd\u2019hui, nous ressentons de plus en plus le besoin ambiant de parler, agir, interagir et rayonner \u00e0 partir de ce que nous sommes [&hellip;]<\/p>\n","protected":false},"author":1,"featured_media":0,"parent":19,"menu_order":2,"comment_status":"closed","ping_status":"closed","template":"","meta":{"footnotes":""},"class_list":["post-157","page","type-page","status-publish","hentry"],"_links":{"self":[{"href":"https:\/\/ishvara-conscience.com\/index.php\/wp-json\/wp\/v2\/pages\/157","targetHints":{"allow":["GET"]}}],"collection":[{"href":"https:\/\/ishvara-conscience.com\/index.php\/wp-json\/wp\/v2\/pages"}],"about":[{"href":"https:\/\/ishvara-conscience.com\/index.php\/wp-json\/wp\/v2\/types\/page"}],"author":[{"embeddable":true,"href":"https:\/\/ishvara-conscience.com\/index.php\/wp-json\/wp\/v2\/users\/1"}],"replies":[{"embeddable":true,"href":"https:\/\/ishvara-conscience.com\/index.php\/wp-json\/wp\/v2\/comments?post=157"}],"version-history":[{"count":59,"href":"https:\/\/ishvara-conscience.com\/index.php\/wp-json\/wp\/v2\/pages\/157\/revisions"}],"predecessor-version":[{"id":844,"href":"https:\/\/ishvara-conscience.com\/index.php\/wp-json\/wp\/v2\/pages\/157\/revisions\/844"}],"up":[{"embeddable":true,"href":"https:\/\/ishvara-conscience.com\/index.php\/wp-json\/wp\/v2\/pages\/19"}],"wp:attachment":[{"href":"https:\/\/ishvara-conscience.com\/index.php\/wp-json\/wp\/v2\/media?parent=157"}],"curies":[{"name":"wp","href":"https:\/\/api.w.org\/{rel}","templated":true}]}}